{"id":3408,"date":"2026-04-20T13:23:26","date_gmt":"2026-04-20T13:23:26","guid":{"rendered":"https:\/\/esportscalp.es\/?page_id=3408"},"modified":"2026-04-28T17:05:05","modified_gmt":"2026-04-28T17:05:05","slug":"campamento","status":"publish","type":"page","link":"https:\/\/esportscalp.es\/va\/campamento\/","title":{"rendered":"Campament Municipal d'Estiu 2026"},"content":{"rendered":"<p class=\"translation-block\">L'Ajuntament de Calp organitza per primera vegada un <strong>Campament P\u00fablic Municipal<\/strong> durant el per\u00edode d'estiu de 2026. Ac\u00ed trobar\u00e0s tota la informaci\u00f3 i dades rellevants.<\/p>\n\n\n\n<div class=\"wp-block-columns is-layout-flex wp-container-core-columns-is-layout-28f84493 wp-block-columns-is-layout-flex\">\n<div class=\"wp-block-column is-layout-flow wp-block-column-is-layout-flow\">\n<figure class=\"wp-block-image size-large\"><img loading=\"lazy\" decoding=\"async\" width=\"768\" height=\"1024\" src=\"https:\/\/esportscalp.es\/wp-content\/uploads\/2026\/04\/1.png\" alt=\"\" class=\"wp-image-3477\" srcset=\"https:\/\/esportscalp.es\/wp-content\/uploads\/2026\/04\/1.png 1485w, https:\/\/esportscalp.es\/wp-content\/uploads\/2026\/04\/1-225x300.png 225w, https:\/\/esportscalp.es\/wp-content\/uploads\/2026\/04\/1-768x1024.png 768w, https:\/\/esportscalp.es\/wp-content\/uploads\/2026\/04\/1-9x12.png 9w\" sizes=\"auto, (max-width: 768px) 100vw, 768px\" \/><\/figure>\n<\/div>\n\n\n\n<div class=\"wp-block-column is-layout-flow wp-block-column-is-layout-flow\">\n<figure class=\"wp-block-image size-large\"><img loading=\"lazy\" decoding=\"async\" width=\"1485\" height=\"1980\" src=\"https:\/\/esportscalp.es\/wp-content\/uploads\/2026\/04\/2.png\" alt=\"\" class=\"wp-image-3478\" srcset=\"https:\/\/esportscalp.es\/wp-content\/uploads\/2026\/04\/2.png 1485w, https:\/\/esportscalp.es\/wp-content\/uploads\/2026\/04\/2-225x300.png 225w, https:\/\/esportscalp.es\/wp-content\/uploads\/2026\/04\/2-768x1024.png 768w, https:\/\/esportscalp.es\/wp-content\/uploads\/2026\/04\/2-9x12.png 9w\" sizes=\"auto, (max-width: 1485px) 100vw, 1485px\" \/><\/figure>\n<\/div>\n<\/div>\n\n\n\n<p class=\"translation-block\"><strong>Duraci\u00f3<\/strong>: del dilluns 29 de juny al divendres 28 d'agost (9 setmanes). Excepte 5 d'agost (festiu).<\/p>\n\n\n\n<p><strong>Horario<\/strong>: de 8:30h a 14:15h.<\/p>\n\n\n\n<ul class=\"wp-block-list\">\n<li>Arribada entre les 8:30h i les 9:00h. <\/li>\n\n\n\n<li>Recollida entre les 14:00h i les 14:15h.<\/li>\n<\/ul>\n\n\n\n<p class=\"translation-block\"><strong>Edats<\/strong>: xiquets i xiquetes entre 4 i 13 anys (nascuts des de 2013 a 2022).<\/p>\n\n\n\n<p class=\"translation-block\"><strong>Programa<\/strong>: activitats esportives multiesport i tallers. \u00das de totes les instal\u00b7lacions esportives i de la Piscina.<\/p>\n\n\n\n<p class=\"translation-block\"><strong>Preu<\/strong>: <strong>29,90\u20ac<\/strong> la setmana o <strong>269,10\u20ac <\/strong>el campament complet (9 setmanes).<\/p>\n\n\n\n<ul class=\"wp-block-list\">\n<li>15% de descompte per a fam\u00edlies nombroses, monomarentales i usuaris amb un m\u00ednim d'un 33% de diversitat funcional (26\u20ac la setmana o 234\u20ac el campament complet).<\/li>\n\n\n\n<li class=\"translation-block\"><strong>Campament gratu\u00eft per a usuaris derivats pel departament de Serveis Socials<\/strong> <strong>de l'Ajuntament de Calp<\/strong>. La matr\u00edcula i inscripci\u00f3 en aquestes places, ser\u00e0 gestionada pel mateix departament. Per a m\u00e9s informaci\u00f3, \u00e9s necessari contactar a bsocial@ajcalp.es.<\/li>\n<\/ul>\n\n\n\n<h2 class=\"wp-block-heading\">Inscripcions<\/h2>\n\n\n\n<p class=\"translation-block\">Les inscripcions es realitzaran a trav\u00e9s del formulari <strong> habilitat en l\u00ednia<\/strong> (no \u00e9s necessari el certificat digital) o de manera <strong>presencial en la Piscina Municipal<\/strong>. En aquestes, tindran prefer\u00e8ncia les persones empadronades en el municipi de Calp des de fa un m\u00ednim de 2 anys.<\/p>\n\n\n\n<ul class=\"wp-block-list\">\n<li>A l'hora de realitzar la inscripci\u00f3, s'autoritzar\u00e0 que aquest requisit siga verificat per l'Ajuntament. En cas de no autoritzar, ser\u00e0 necessari aportar un certificat d'empadronament.<\/li>\n<\/ul>\n\n\n\n<p><strong>Obertura d'inscripcions<\/strong>:<\/p>\n\n\n\n<ul class=\"wp-block-list\">\n<li class=\"translation-block\">A partir del <strong> dimecres 20 de maig<\/strong> a les <strong>9:00h<\/strong> \u2013 EMPADRONATS amb inscripci\u00f3 el campament complet.<\/li>\n\n\n\n<li class=\"translation-block\">A partir del <strong>dijous 21 de maig<\/strong> a les <strong>9:00h<\/strong> \u2013 EMPADRONATS amb inscripci\u00f3 durant setmanes soltes.<\/li>\n\n\n\n<li class=\"translation-block\">A partir del <strong> dilluns 25 de maig<\/strong> a les <strong>9:00h<\/strong> \u2013 NO EMPADRONATS.<\/li>\n<\/ul>\n\n\n\n<h3 class=\"wp-block-heading\">Com realitzar la inscripci\u00f3?<\/h3>\n\n\n\n<p class=\"translation-block\">A trav\u00e9s d'aquesta p\u00e0gina web, <strong>s'habilitar\u00e0 un formulari<\/strong> on <strong>s'indicaran les dades de la inscripci\u00f3<\/strong>: Nom, Cognoms, DNI\/NIE, Data de Naixement, N\u00fameros de tel\u00e8fon de contacte, Email, Dates i modalitat d'Inscripci\u00f3 i Declaracions de responsabilitat v\u00e0ries.<\/p>\n\n\n\n<p class=\"translation-block\">En realitzar el formulari, iniciar\u00e0s la inscripci\u00f3 al campament d'estiu, per\u00f2 encara <strong>no estar\u00e0 confirmada<\/strong>. L'Ajuntament supervisar\u00e0 i comprovar\u00e0 la veracitat de les dades. La comprovaci\u00f3 tardar\u00e0 entre 24 i 72 hores i la confirmaci\u00f3 ser\u00e0 enviada via correu electr\u00f2nic.<\/p>\n\n\n\n<p class=\"translation-block\">Rebuda la confirmaci\u00f3, podr\u00e0s fer el <strong>pagament del campament<\/strong> (a partir del 01\/06\/2026) a trav\u00e9s del tr\u00e0mit de la <strong>seu electr\u00f2nica<\/strong> habilitat a aquest efecte (usant certificat digital) o de manera<strong> presencial en la OAC<\/strong>.<\/p>\n\n\n\n<ul class=\"wp-block-list\">\n<li class=\"translation-block\">En el moment del pagament, s'haur\u00e0 d'aportar <strong>c\u00f2pia del document adjunt a l'e-mail de confirmaci\u00f3<\/strong> de pla\u00e7a rebut, aix\u00ed com el <strong>DNI\/NIE del menor i del responsable legal<\/strong>. En cas de ser beneficiari\/a d'una reducci\u00f3, tamb\u00e9 ser\u00e0 necessari aportar la documentaci\u00f3 oportuna (t\u00edtol de fam\u00edlia nombrosa, monoparental o certificat de diversitat funcional).<\/li>\n\n\n\n<li class=\"translation-block\">El pagament \u00fanicament pot realitzar-se amb <strong>targeta banc\u00e0ria<\/strong>.<\/li>\n<\/ul>\n\n\n\n<h2 class=\"wp-block-heading\">Formulari d'inscripci\u00f3<\/h2>\n\n\n\n<p><a href=\"https:\/\/forms.gle\/srmt3RuzSBxWcBvc8\" target=\"_blank\" rel=\"noopener\" title=\"\">Clic ac\u00ed per a obrir en una nova pestanya<\/a><\/p>\n\n\n\n<iframe loading=\"lazy\" src=\"https:\/\/docs.google.com\/forms\/d\/e\/1FAIpQLScJG2DBCBbWmNDmJJbyvVFy0ztbgySvifzQF78lOkgtjKckOw\/viewform?embedded=true\" width=\"640\" height=\"3370\" frameborder=\"0\" marginheight=\"0\" marginwidth=\"0\">S&#39;est\u00e0 carregant\u2026<\/iframe>\n\n\n\n<p><\/p>","protected":false},"excerpt":{"rendered":"<p>El Ayuntamiento de Calp organiza por primera vez un Campamento P\u00fablico Municipal durante el per\u00edodo de verano de 2026. Aqu\u00ed encontrar\u00e1s toda la informaci\u00f3n y datos relevantes. Duraci\u00f3n: del lunes 29 de junio al viernes 28 de agosto (9 semanas). Excepto 5 de agosto (festivo). Horario: de 8:30h a 14:15h. Edades: ni\u00f1os y ni\u00f1as entre &hellip; <\/p>\n<p class=\"link-more\"><a href=\"https:\/\/esportscalp.es\/va\/campamento\/\" class=\"more-link\">Read more<span class=\"screen-reader-text\"> \u00abCampamento municipal de Verano 2026\u00bb<\/span><\/a><\/p>","protected":false},"author":1,"featured_media":3479,"parent":0,"menu_order":0,"comment_status":"closed","ping_status":"closed","template":"","meta":{"_uag_custom_page_level_css":"","_inspiro_hide_title":false,"footnotes":""},"class_list":["post-3408","page","type-page","status-publish","has-post-thumbnail","hentry"],"aioseo_notices":[],"uagb_featured_image_src":{"full":["https:\/\/esportscalp.es\/wp-content\/uploads\/2026\/04\/banner-web-scaled.png",2560,1422,false],"thumbnail":["https:\/\/esportscalp.es\/wp-content\/uploads\/2026\/04\/banner-web-150x150.png",150,150,true],"medium":["https:\/\/esportscalp.es\/wp-content\/uploads\/2026\/04\/banner-web-300x167.png",300,167,true],"medium_large":["https:\/\/esportscalp.es\/wp-content\/uploads\/2026\/04\/banner-web-scaled.png",768,427,false],"large":["https:\/\/esportscalp.es\/wp-content\/uploads\/2026\/04\/banner-web-1024x569.png",950,528,true],"1536x1536":["https:\/\/esportscalp.es\/wp-content\/uploads\/2026\/04\/banner-web-scaled-1536x853.png",1536,853,true],"2048x2048":["https:\/\/esportscalp.es\/wp-content\/uploads\/2026\/04\/banner-web-scaled-2048x1138.png",2048,1138,true],"trp-custom-language-flag":["https:\/\/esportscalp.es\/wp-content\/uploads\/2026\/04\/banner-web-scaled-18x10.png",18,10,true],"inspiro-featured-image":["https:\/\/esportscalp.es\/wp-content\/uploads\/2026\/04\/banner-web-2000x1111.png",2000,1111,true],"inspiro-loop":["https:\/\/esportscalp.es\/wp-content\/uploads\/2026\/04\/banner-web-950x320.png",950,320,true],"inspiro-loop@2x":["https:\/\/esportscalp.es\/wp-content\/uploads\/2026\/04\/banner-web-1900x640.png",1900,640,true]},"uagb_author_info":{"display_name":"@esportscalp","author_link":"https:\/\/esportscalp.es\/va\/author\/esportscalpgmail-com\/"},"uagb_comment_info":0,"uagb_excerpt":"El Ayuntamiento de Calp organiza por primera vez un Campamento P\u00fablico Municipal durante el per\u00edodo de verano de 2026. Aqu\u00ed encontrar\u00e1s toda la informaci\u00f3n y datos relevantes. Duraci\u00f3n: del lunes 29 de junio al viernes 28 de agosto (9 semanas). Excepto 5 de agosto (festivo). Horario: de 8:30h a 14:15h. Edades: ni\u00f1os y ni\u00f1as entre&hellip;","_links":{"self":[{"href":"https:\/\/esportscalp.es\/va\/wp-json\/wp\/v2\/pages\/3408","targetHints":{"allow":["GET"]}}],"collection":[{"href":"https:\/\/esportscalp.es\/va\/wp-json\/wp\/v2\/pages"}],"about":[{"href":"https:\/\/esportscalp.es\/va\/wp-json\/wp\/v2\/types\/page"}],"author":[{"embeddable":true,"href":"https:\/\/esportscalp.es\/va\/wp-json\/wp\/v2\/users\/1"}],"replies":[{"embeddable":true,"href":"https:\/\/esportscalp.es\/va\/wp-json\/wp\/v2\/comments?post=3408"}],"version-history":[{"count":32,"href":"https:\/\/esportscalp.es\/va\/wp-json\/wp\/v2\/pages\/3408\/revisions"}],"predecessor-version":[{"id":3481,"href":"https:\/\/esportscalp.es\/va\/wp-json\/wp\/v2\/pages\/3408\/revisions\/3481"}],"wp:featuredmedia":[{"embeddable":true,"href":"https:\/\/esportscalp.es\/va\/wp-json\/wp\/v2\/media\/3479"}],"wp:attachment":[{"href":"https:\/\/esportscalp.es\/va\/wp-json\/wp\/v2\/media?parent=3408"}],"curies":[{"name":"wp","href":"https:\/\/api.w.org\/{rel}","templated":true}]}}